{"id":4911,"date":"2018-03-06T12:51:25","date_gmt":"2018-03-06T11:51:25","guid":{"rendered":"https:\/\/sabadell.salesians.cat\/novaweb\/?page_id=4911"},"modified":"2020-10-30T13:50:55","modified_gmt":"2020-10-30T12:50:55","slug":"serveis","status":"publish","type":"page","link":"https:\/\/sabadell.salesians.cat\/novaweb\/serveis\/","title":{"rendered":"Serveis"},"content":{"rendered":"<div id=\"fb-root\"><\/div>\n<p>[et_pb_section bb_built=\u00bb1&#8243; fullwidth=\u00bbon\u00bb specialty=\u00bboff\u00bb next_background_color=\u00bb#000000&#8243; inner_width=\u00bbauto\u00bb inner_max_width=\u00bbnone\u00bb][et_pb_fullwidth_image _builder_version=\u00bb3.5.1&#8243; src=\u00bbhttps:\/\/sabadell.salesians.cat\/novaweb\/wp-content\/uploads\/sites\/12\/2018\/08\/2.png\u00bb \/][\/et_pb_section][et_pb_section bb_built=\u00bb1&#8243; fullwidth=\u00bboff\u00bb specialty=\u00bboff\u00bb prev_background_color=\u00bb#000000&#8243; inner_width=\u00bbauto\u00bb inner_max_width=\u00bbnone\u00bb][et_pb_row _builder_version=\u00bb3.0.106&#8243; make_fullwidth=\u00bbon\u00bb width_unit=\u00bboff\u00bb custom_width_percent=\u00bb95%\u00bb use_custom_gutter=\u00bbon\u00bb make_equal=\u00bbon\u00bb use_custom_width=\u00bbon\u00bb gutter_width=\u00bb3&#8243; width=\u00bb95%\u00bb max_width=\u00bb95%\u00bb][et_pb_column type=\u00bb4_4&#8243; custom_padding__hover=\u00bb|||\u00bb custom_padding=\u00bb|100px||\u00bb parallax=\u00bboff\u00bb parallax_method=\u00bbon\u00bb][et_pb_tabs _builder_version=\u00bb4.6.6&#8243; custom_margin=\u00bb|||30px\u00bb border_width_all=\u00bb0px\u00bb z_index_tablet=\u00bb500&#8243; tab_text_shadow_horizontal_length=\u00bbtab_text_shadow_style,%91object Object%93&#8243; tab_text_shadow_vertical_length=\u00bbtab_text_shadow_style,%91object Object%93&#8243; tab_text_shadow_blur_strength=\u00bbtab_text_shadow_style,%91object Object%93&#8243; body_text_shadow_horizontal_length=\u00bbbody_text_shadow_style,%91object Object%93&#8243; body_text_shadow_vertical_length=\u00bbbody_text_shadow_style,%91object Object%93&#8243; body_text_shadow_blur_strength=\u00bbbody_text_shadow_style,%91object Object%93&#8243; body_link_text_shadow_horizontal_length=\u00bbbody_link_text_shadow_style,%91object Object%93&#8243; body_link_text_shadow_horizontal_length_tablet=\u00bb0px\u00bb body_link_text_shadow_vertical_length=\u00bbbody_link_text_shadow_style,%91object Object%93&#8243; body_link_text_shadow_vertical_length_tablet=\u00bb0px\u00bb body_link_text_shadow_blur_strength=\u00bbbody_link_text_shadow_style,%91object Object%93&#8243; body_link_text_shadow_blur_strength_tablet=\u00bb1px\u00bb body_ul_text_shadow_horizontal_length=\u00bbbody_ul_text_shadow_style,%91object Object%93&#8243; body_ul_text_shadow_horizontal_length_tablet=\u00bb0px\u00bb body_ul_text_shadow_vertical_length=\u00bbbody_ul_text_shadow_style,%91object Object%93&#8243; body_ul_text_shadow_vertical_length_tablet=\u00bb0px\u00bb body_ul_text_shadow_blur_strength=\u00bbbody_ul_text_shadow_style,%91object Object%93&#8243; body_ul_text_shadow_blur_strength_tablet=\u00bb1px\u00bb body_ol_text_shadow_horizontal_length=\u00bbbody_ol_text_shadow_style,%91object Object%93&#8243; body_ol_text_shadow_horizontal_length_tablet=\u00bb0px\u00bb body_ol_text_shadow_vertical_length=\u00bbbody_ol_text_shadow_style,%91object Object%93&#8243; body_ol_text_shadow_vertical_length_tablet=\u00bb0px\u00bb body_ol_text_shadow_blur_strength=\u00bbbody_ol_text_shadow_style,%91object Object%93&#8243; body_ol_text_shadow_blur_strength_tablet=\u00bb1px\u00bb body_quote_text_shadow_horizontal_length=\u00bbbody_quote_text_shadow_style,%91object Object%93&#8243; body_quote_text_shadow_horizontal_length_tablet=\u00bb0px\u00bb body_quote_text_shadow_vertical_length=\u00bbbody_quote_text_shadow_style,%91object Object%93&#8243; body_quote_text_shadow_vertical_length_tablet=\u00bb0px\u00bb body_quote_text_shadow_blur_strength=\u00bbbody_quote_text_shadow_style,%91object Object%93&#8243; body_quote_text_shadow_blur_strength_tablet=\u00bb1px\u00bb box_shadow_horizontal_tablet=\u00bb0px\u00bb box_shadow_vertical_tablet=\u00bb0px\u00bb box_shadow_blur_tablet=\u00bb40px\u00bb box_shadow_spread_tablet=\u00bb0px\u00bb vertical_offset_tablet=\u00bb0&#8243; horizontal_offset_tablet=\u00bb0&#8243;][et_pb_tab _builder_version=\u00bb4.6.6&#8243; title=\u00bbSAPP\u00bb use_background_color_gradient=\u00bboff\u00bb background_color_gradient_start=\u00bb#2b87da\u00bb background_color_gradient_end=\u00bb#29c4a9&#8243; background_color_gradient_type=\u00bblinear\u00bb background_color_gradient_direction=\u00bb180deg\u00bb background_color_gradient_direction_radial=\u00bbcenter\u00bb background_color_gradient_start_position=\u00bb0%\u00bb background_color_gradient_end_position=\u00bb100%\u00bb background_color_gradient_overlays_image=\u00bboff\u00bb parallax=\u00bboff\u00bb parallax_method=\u00bbon\u00bb background_size=\u00bbcover\u00bb background_position=\u00bbcenter\u00bb background_repeat=\u00bbno-repeat\u00bb background_blend=\u00bbnormal\u00bb allow_player_pause=\u00bboff\u00bb background_video_pause_outside_viewport=\u00bbon\u00bb tab_font=\u00bbArial|600|||||||\u00bb tab_font_size=\u00bb18&#8243; tab_font_size_tablet=\u00bb18&#8243; tab_font_size_phone=\u00bb18&#8243; tab_text_shadow_style=\u00bbnone\u00bb body_font=\u00bbArial|500|||||||\u00bb body_font_size=\u00bb16&#8243; body_font_size_tablet=\u00bb16&#8243; body_font_size_phone=\u00bb16&#8243; body_text_shadow_style=\u00bbnone\u00bb tab_text_shadow_horizontal_length=\u00bb0em\u00bb tab_text_shadow_vertical_length=\u00bb0em\u00bb tab_text_shadow_blur_strength=\u00bb0em\u00bb body_text_shadow_horizontal_length=\u00bb0em\u00bb body_text_shadow_vertical_length=\u00bb0em\u00bb body_text_shadow_blur_strength=\u00bb0em\u00bb link_option_url_new_window=\u00bboff\u00bb hover_transition_duration=\u00bb300ms\u00bb hover_transition_delay=\u00bb0ms\u00bb hover_transition_speed_curve=\u00bbease\u00bb]<\/p>\n<div class=\"et_pb_text et_pb_module et_pb_bg_layout_light et_pb_text_align_left et_pb_text_0 et_pb_with_border\">\n<div class=\"et_pb_text_inner\">\n<div class=\"et_pb_with_border et_pb_module et_pb_text et_pb_text_0 et_pb_bg_layout_light et_pb_text_align_left\">\n<div class=\"et_pb_text_inner\">\n<p>El SAPP, Servei d\u2019Assessorament Psicopedag\u00f2gic de la nostra escola Salesiana est\u00e0 format per la&nbsp;<strong>Mireia Camprub\u00ed<\/strong>, responsable del Servei i coordinadora de l\u2019Etapa d\u2019Infantil i del Cicle Inicial i Mitj\u00e0 de Prim\u00e0ria, i per la&nbsp;&nbsp;<strong>Gl\u00f2ria Lok\u00e1<\/strong>, responsable i coordinadora del Cicle Superior de Prim\u00e0ria i de la ESO&nbsp;(Educaci\u00f3 Secund\u00e0ria Obligat\u00f2ria).<\/p>\n<p>Aquest servei t\u00e9 com a objectiu assessorar, acompanyar i atendre els principals protagonistes de l\u2019educaci\u00f3:&nbsp;&nbsp;les fam\u00edlies, a tot l\u2019 equip docent i als nostres alumnes.&nbsp;En aquest cas,&nbsp;les funcions del SAPP pretenen contribuir a la millora de la qualitat dels processos d\u2019ensenyament-aprenentatge juntament amb el tutor ( principal agent de l\u2019educaci\u00f3 dels alumnes de la escola) en la recerca d\u2019estrat\u00e8gies per afrontar les situacions que requereixin d\u2019alguna necessitat especifica, ja sigui personal, emocional o acad\u00e8mica. Les funcions del servei es basen per tant en una actuaci\u00f3 preventiva, formativa, orientadora i d\u2019assessorament, aix\u00ed com de seguiment i avaluaci\u00f3.<\/p>\n<p>El nostre Sistema Educatiu Preventiu pret\u00e9n possibilitar al m\u00e0xim la viv\u00e8ncia d\u2019experi\u00e8ncies positives, donant el protagonisme a l\u2019alumnat i ajudant-los a desenvolupar-se plenament.&nbsp;L\u2019atenci\u00f3&nbsp;a l\u2019alumnat amb m\u00e9s dificultats i amb Necessitats Espec\u00edfiques de Suport Educatiu (NESE) \u00e9s una opci\u00f3 priorit\u00e0ria de tota l\u2019Obra Salesiana.&nbsp;Per aquest motiu treballem per&nbsp;una escola inclusiva on se superin les barreres d\u2019aprenentatge i es fomenti la participaci\u00f3 de tota la comunitat educativa.<\/p>\n<\/div>\n<\/div>\n<\/div>\n<\/div>\n<h3><span style=\"color: #000000;\">Enlla\u00e7os d\u2019interes<\/span><\/h3>\n<table width=\"735\">\n<tbody>\n<tr>\n<td width=\"255\"><a href=\"http:\/\/www.solohijos.com\/\" target=\"_blank\" rel=\"noopener noreferrer\"><img loading=\"lazy\" decoding=\"async\" class=\"alignright wp-image-4867 size-full\" src=\"https:\/\/sabadell.salesians.cat\/novaweb\/wp-content\/uploads\/sites\/12\/2018\/02\/solohijos.png\" alt=\"\" width=\"217\" height=\"75\"><\/a><\/td>\n<td width=\"236\">\n<h1 style=\"text-align: center;\"><a href=\"https:\/\/www.mecd.gob.es\/mecd\/servicios-al-ciudadano-mecd\/catalogo\/general\/educacion\/050140\/ficha.html\" target=\"_blank\" rel=\"noopener noreferrer\"><span class=\"\" style=\"color: #ff0000;\"><strong>Beques i ajuts<\/strong><\/span><\/a><\/h1>\n<\/td>\n<td width=\"244\"><a href=\"https:\/\/sabadell.salesians.cat\/novaweb\/wp-content\/uploads\/sites\/12\/2018\/10\/sjd_logo_horitzonal_colors_gm_0.png\" target=\"_blank\" rel=\"noopener noreferrer\"><img loading=\"lazy\" decoding=\"async\" class=\"aligncenter wp-image-6366\" src=\"https:\/\/sabadell.salesians.cat\/novaweb\/wp-content\/uploads\/sites\/12\/2018\/10\/sjd_logo_horitzonal_colors_gm_0.png\" alt=\"\" width=\"180\" height=\"34\"><\/a><\/td>\n<\/tr>\n<tr>\n<td width=\"255\">&nbsp;<a href=\"http:\/\/www.universidaddepadres.es\/\"><img loading=\"lazy\" decoding=\"async\" class=\"alignright wp-image-4868 size-medium\" src=\"https:\/\/sabadell.salesians.cat\/novaweb\/wp-content\/uploads\/sites\/12\/2018\/02\/UP-300x87.png\" alt=\"\" width=\"300\" height=\"87\" srcset=\"https:\/\/sabadell.salesians.cat\/novaweb\/wp-content\/uploads\/sites\/12\/2018\/02\/UP-300x87.png 300w, https:\/\/sabadell.salesians.cat\/novaweb\/wp-content\/uploads\/sites\/12\/2018\/02\/UP.png 434w\" sizes=\"(max-width: 300px) 100vw, 300px\" \/><\/a><\/td>\n<td width=\"236\">&nbsp;<a href=\"http:\/\/www20.gencat.cat\/portal\/site\/familiaescola\/menuitem.fd35a3c63db97ad9aacf3010b0c0e1a0\/?vgnextoid=caec2af691690310VgnVCM1000000b0c1e0aRCRD&amp;vgnextchannel=caec2af691690310VgnVCM1000000b0c1e0aRCRD&amp;vgnextfmt=default\" target=\"_blank\" rel=\"noopener noreferrer\"><img loading=\"lazy\" decoding=\"async\" class=\"alignright wp-image-4866 size-medium\" src=\"https:\/\/sabadell.salesians.cat\/novaweb\/wp-content\/uploads\/sites\/12\/2018\/02\/Familia-i-Escola-300x133.png\" alt=\"\" width=\"300\" height=\"133\" srcset=\"https:\/\/sabadell.salesians.cat\/novaweb\/wp-content\/uploads\/sites\/12\/2018\/02\/Familia-i-Escola-300x133.png 300w, https:\/\/sabadell.salesians.cat\/novaweb\/wp-content\/uploads\/sites\/12\/2018\/02\/Familia-i-Escola.png 321w\" sizes=\"(max-width: 300px) 100vw, 300px\" \/><\/a><\/td>\n<td width=\"244\"><\/td>\n<\/tr>\n<\/tbody>\n<\/table>\n<p>[\/et_pb_tab][et_pb_tab _builder_version=\u00bb4.6.6&#8243; title=\u00bbECO\u00bb use_background_color_gradient=\u00bboff\u00bb background_color_gradient_start=\u00bb#2b87da\u00bb background_color_gradient_end=\u00bb#29c4a9&#8243; background_color_gradient_type=\u00bblinear\u00bb background_color_gradient_direction=\u00bb180deg\u00bb background_color_gradient_direction_radial=\u00bbcenter\u00bb background_color_gradient_start_position=\u00bb0%\u00bb background_color_gradient_end_position=\u00bb100%\u00bb background_color_gradient_overlays_image=\u00bboff\u00bb parallax=\u00bboff\u00bb parallax_method=\u00bbon\u00bb background_size=\u00bbcover\u00bb background_position=\u00bbcenter\u00bb background_repeat=\u00bbno-repeat\u00bb background_blend=\u00bbnormal\u00bb allow_player_pause=\u00bboff\u00bb background_video_pause_outside_viewport=\u00bbon\u00bb tab_font=\u00bbArial|600|||||||\u00bb tab_font_size=\u00bb18&#8243; tab_font_size_tablet=\u00bb18&#8243; tab_font_size_phone=\u00bb18&#8243; tab_text_shadow_style=\u00bbnone\u00bb body_font=\u00bbArial|500|||||||\u00bb body_font_size=\u00bb16&#8243; body_font_size_tablet=\u00bb16&#8243; body_font_size_phone=\u00bb16&#8243; body_text_shadow_style=\u00bbnone\u00bb tab_text_shadow_horizontal_length=\u00bb0em\u00bb tab_text_shadow_vertical_length=\u00bb0em\u00bb tab_text_shadow_blur_strength=\u00bb0em\u00bb body_text_shadow_horizontal_length=\u00bb0em\u00bb body_text_shadow_vertical_length=\u00bb0em\u00bb body_text_shadow_blur_strength=\u00bb0em\u00bb]<\/p>\n<h3><strong><span style=\"color: #808080;\">Qu\u00e8 \u00e9s?<\/span><\/strong><\/h3>\n<p>\u00c9s un &nbsp;programa de formaci\u00f3 per les fam\u00edlies, amb l\u2019objectiu de donar resposta a la necessitat d\u2019oferir un programa m\u00e9s obert a la comunitat educativa.<\/p>\n<p><strong>Quines caracter\u00edstiques t\u00e9?:<\/strong><\/p>\n<ul>\n<li>Obert a tots, no cal apuntar-se a principi de curs, s\u00f3n trobades obertes a tota la comunitat educativa. Es pot venir a totes o nom\u00e9s a aquelles que siguin del meu inter\u00e8s o a les que pugui assistir.<\/li>\n<li>5 trobades al curs.<\/li>\n<li>Punt de trobada entre docents i fam\u00edlies.<\/li>\n<li>Un tema com a fil conductor.<\/li>\n<li>La proposta sempre ser\u00e0 partir des d\u2019una din\u00e0mica que ajudi a tenir experi\u00e8ncia del tema a tractar. Posteriorment hi haur\u00e0 la tert\u00falia caf\u00e8, amb un fil conductor i guiada per l\u2019animador del grup i en algunes trobades per l\u2019expert convidat.<\/li>\n<\/ul>\n<h3><span style=\"color: #808080;\"><strong>Objectius<\/strong><\/span><\/h3>\n<p>Facilitar la trobada dels pares i les mares dels alumnes amb els mestres i professors dels seus fills i\/o amb una persona experta en el tema, per dialogar i reflexionar sobre temes educatius que s\u00f3n d\u2019inter\u00e8s compartit.<\/p>\n<p>Afavorir que els pares i mares coneguin m\u00e9s b\u00e9 l\u2019escola i la tasca educativa que s\u2019hi fa amb els seus fills, de manera que cada dia esdevingui m\u00e9s una \u201cviv\u00e8ncia compartida\u201d.<\/p>\n<h3><span style=\"color: #808080;\"><strong>On ens trobem, quan??<\/strong><\/span><\/h3>\n<ul>\n<li>Les trobades les fem a l\u2019escola gran.<\/li>\n<li>L\u2019horari ser\u00e0 de 15 a 17h (dia de setmana a concretar).<\/li>\n<\/ul>\n<p>[\/et_pb_tab][et_pb_tab _builder_version=\u00bb4.6.6&#8243; title=\u00bbMenjador\u00bb use_background_color_gradient=\u00bboff\u00bb background_color_gradient_start=\u00bb#2b87da\u00bb background_color_gradient_end=\u00bb#29c4a9&#8243; background_color_gradient_type=\u00bblinear\u00bb background_color_gradient_direction=\u00bb180deg\u00bb background_color_gradient_direction_radial=\u00bbcenter\u00bb background_color_gradient_start_position=\u00bb0%\u00bb background_color_gradient_end_position=\u00bb100%\u00bb background_color_gradient_overlays_image=\u00bboff\u00bb parallax=\u00bboff\u00bb parallax_method=\u00bbon\u00bb background_size=\u00bbcover\u00bb background_position=\u00bbcenter\u00bb background_repeat=\u00bbno-repeat\u00bb background_blend=\u00bbnormal\u00bb allow_player_pause=\u00bboff\u00bb background_video_pause_outside_viewport=\u00bbon\u00bb tab_font=\u00bbArial|600|||||||\u00bb tab_font_size=\u00bb18px\u00bb tab_font_size_tablet=\u00bb18&#8243; tab_font_size_phone=\u00bb18&#8243; tab_text_shadow_style=\u00bbnone\u00bb body_font=\u00bbArial|500|||||||\u00bb body_font_size=\u00bb16px\u00bb body_font_size_tablet=\u00bb16&#8243; body_font_size_phone=\u00bb16&#8243; body_text_shadow_style=\u00bbnone\u00bb tab_text_shadow_horizontal_length=\u00bb0em\u00bb tab_text_shadow_vertical_length=\u00bb0em\u00bb tab_text_shadow_blur_strength=\u00bb0em\u00bb body_text_shadow_horizontal_length=\u00bb0em\u00bb body_text_shadow_vertical_length=\u00bb0em\u00bb body_text_shadow_blur_strength=\u00bb0em\u00bb link_option_url_new_window=\u00bboff\u00bb hover_transition_duration=\u00bb300ms\u00bb hover_transition_delay=\u00bb0ms\u00bb hover_transition_speed_curve=\u00bbease\u00bb background_color_gradient_direction_tablet=\u00bb180deg\u00bb background_color_gradient_direction_phone=\u00bb180deg\u00bb background_color_gradient_start_position_tablet=\u00bb0%\u00bb background_color_gradient_start_position_phone=\u00bb0%\u00bb background_color_gradient_end_position_tablet=\u00bb100%\u00bb background_color_gradient_end_position_phone=\u00bb100%\u00bb body_text_shadow_horizontal_length_tablet=\u00bb0em\u00bb body_text_shadow_horizontal_length_phone=\u00bb0em\u00bb body_text_shadow_vertical_length_tablet=\u00bb0em\u00bb body_text_shadow_vertical_length_phone=\u00bb0em\u00bb body_text_shadow_blur_strength_tablet=\u00bb0em\u00bb body_text_shadow_blur_strength_phone=\u00bb0em\u00bb body_link_text_shadow_style=\u00bbnone\u00bb body_link_text_shadow_horizontal_length=\u00bbbody_link_text_shadow_style,%91object Object%93&#8243; body_link_text_shadow_horizontal_length_tablet=\u00bb0px\u00bb body_link_text_shadow_horizontal_length_phone=\u00bb0px\u00bb body_link_text_shadow_vertical_length=\u00bbbody_link_text_shadow_style,%91object Object%93&#8243; body_link_text_shadow_vertical_length_tablet=\u00bb0px\u00bb body_link_text_shadow_vertical_length_phone=\u00bb0px\u00bb body_link_text_shadow_blur_strength=\u00bbbody_link_text_shadow_style,%91object Object%93&#8243; body_link_text_shadow_blur_strength_tablet=\u00bb1px\u00bb body_link_text_shadow_blur_strength_phone=\u00bb1px\u00bb body_ul_text_shadow_style=\u00bbnone\u00bb body_ul_text_shadow_horizontal_length=\u00bbbody_ul_text_shadow_style,%91object Object%93&#8243; body_ul_text_shadow_horizontal_length_tablet=\u00bb0px\u00bb body_ul_text_shadow_horizontal_length_phone=\u00bb0px\u00bb body_ul_text_shadow_vertical_length=\u00bbbody_ul_text_shadow_style,%91object Object%93&#8243; body_ul_text_shadow_vertical_length_tablet=\u00bb0px\u00bb body_ul_text_shadow_vertical_length_phone=\u00bb0px\u00bb body_ul_text_shadow_blur_strength=\u00bbbody_ul_text_shadow_style,%91object Object%93&#8243; body_ul_text_shadow_blur_strength_tablet=\u00bb1px\u00bb body_ul_text_shadow_blur_strength_phone=\u00bb1px\u00bb body_ol_text_shadow_style=\u00bbnone\u00bb body_ol_text_shadow_horizontal_length=\u00bbbody_ol_text_shadow_style,%91object Object%93&#8243; body_ol_text_shadow_horizontal_length_tablet=\u00bb0px\u00bb body_ol_text_shadow_horizontal_length_phone=\u00bb0px\u00bb body_ol_text_shadow_vertical_length=\u00bbbody_ol_text_shadow_style,%91object Object%93&#8243; body_ol_text_shadow_vertical_length_tablet=\u00bb0px\u00bb body_ol_text_shadow_vertical_length_phone=\u00bb0px\u00bb body_ol_text_shadow_blur_strength=\u00bbbody_ol_text_shadow_style,%91object Object%93&#8243; body_ol_text_shadow_blur_strength_tablet=\u00bb1px\u00bb body_ol_text_shadow_blur_strength_phone=\u00bb1px\u00bb body_quote_text_shadow_style=\u00bbnone\u00bb body_quote_text_shadow_horizontal_length=\u00bbbody_quote_text_shadow_style,%91object Object%93&#8243; body_quote_text_shadow_horizontal_length_tablet=\u00bb0px\u00bb body_quote_text_shadow_horizontal_length_phone=\u00bb0px\u00bb body_quote_text_shadow_vertical_length=\u00bbbody_quote_text_shadow_style,%91object Object%93&#8243; body_quote_text_shadow_vertical_length_tablet=\u00bb0px\u00bb body_quote_text_shadow_vertical_length_phone=\u00bb0px\u00bb body_quote_text_shadow_blur_strength=\u00bbbody_quote_text_shadow_style,%91object Object%93&#8243; body_quote_text_shadow_blur_strength_tablet=\u00bb1px\u00bb body_quote_text_shadow_blur_strength_phone=\u00bb1px\u00bb tab_text_shadow_horizontal_length_tablet=\u00bb0em\u00bb tab_text_shadow_horizontal_length_phone=\u00bb0em\u00bb tab_text_shadow_vertical_length_tablet=\u00bb0em\u00bb tab_text_shadow_vertical_length_phone=\u00bb0em\u00bb tab_text_shadow_blur_strength_tablet=\u00bb0em\u00bb tab_text_shadow_blur_strength_phone=\u00bb0em\u00bb hover_transition_duration_tablet=\u00bb300ms\u00bb hover_transition_duration_phone=\u00bb300ms\u00bb hover_transition_delay_tablet=\u00bb0ms\u00bb hover_transition_delay_phone=\u00bb0ms\u00bb title_tablet=\u00bbMenjador\u00bb title_phone=\u00bbMenjador\u00bb vertical_offset_tablet=\u00bb0&#8243; vertical_offset_phone=\u00bb0&#8243; horizontal_offset_tablet=\u00bb0&#8243; horizontal_offset_phone=\u00bb0&#8243; z_index_tablet=\u00bb0&#8243; z_index_phone=\u00bb0&#8243;]<\/p>\n<p>El menjador escolar, a m\u00e9s de donar un servei a les fam\u00edlies, vol ser un servei per educar els alumnes, tot completant la tasca de les fam\u00edlies des de casa, i ajudar-los a aconseguir uns bons h\u00e0bits alimentaris, una correcta utilitzaci\u00f3 dels estris i uns bons h\u00e0bits d\u2019higiene i ordre durant l\u2019\u00e0pat.<\/p>\n<p>Es treballen els h\u00e0bits i normes establerts a nivell general per tota l\u2019escola i , a m\u00e9s, els h\u00e0bits higi\u00e8nics i alimentaris apropiats a cada edat.<\/p>\n<p><strong>H\u00e0bits higi\u00e8nics com :<\/strong><\/p>\n<p>* Rentar-se les mans abans i despr\u00e9s dels \u00e0pats<\/p>\n<p>* Fer servir els tovallons<a href=\"https:\/\/sabadell.salesians.cat\/escola\/menjadors\/\" target=\"_blank\" rel=\"attachment noopener wp-att-4501 noreferrer\"><img loading=\"lazy\" decoding=\"async\" class=\"alignright wp-image-4946 size-medium\" src=\"https:\/\/sabadell.salesians.cat\/novaweb\/wp-content\/uploads\/sites\/12\/2018\/03\/Logo-254x300.png\" alt=\"\" width=\"254\" height=\"300\" srcset=\"https:\/\/sabadell.salesians.cat\/novaweb\/wp-content\/uploads\/sites\/12\/2018\/03\/Logo-254x300.png 254w, https:\/\/sabadell.salesians.cat\/novaweb\/wp-content\/uploads\/sites\/12\/2018\/03\/Logo.png 414w\" sizes=\"(max-width: 254px) 100vw, 254px\" \/><\/a><\/p>\n<p>* Menjar amb els coberts<\/p>\n<p>* Rentar-se les dents en acabar.<\/p>\n<p><strong>H\u00e0bits alimentaris com :<\/strong><\/p>\n<p>* Menjar de tot, seguint una dieta equilibrada<\/p>\n<p>* Acabar-se el menjar<\/p>\n<p>* Fer servir els coberts<\/p>\n<p>* Adoptar una postura correcta<\/p>\n<p>* Menjar sense aixecar-se<\/p>\n<p>* Posar-se i netejar la safata en acabar.<\/p>\n<p>Per a tot el personal que treballa en aquest servei l\u2019objectiu dels darrers cursos ha estat sempre el mateix :<span class=\"apple-converted-space\">&nbsp;<\/span><strong>MILLORAR LA QUALITAT DEL NOSTRE SERVEI<\/strong><span class=\"apple-converted-space\">&nbsp;<\/span>de forma constant. Per aquest motiu ens reunim peri\u00f2dicament per comentar el funcionament general i pendre decisions segons les necessitats i\/o dificultats observades.<\/p>\n<p><a href=\"http:\/\/menjador.sabadell.salesians.cat\/\" target=\"_blank\" rel=\"noopener noreferrer\"><img loading=\"lazy\" decoding=\"async\" class=\"aligncenter wp-image-9092 size-full\" src=\"https:\/\/sabadell.salesians.cat\/novaweb\/wp-content\/uploads\/sites\/12\/2020\/10\/Boton.png\" alt=\"\" width=\"427\" height=\"95\" srcset=\"https:\/\/sabadell.salesians.cat\/novaweb\/wp-content\/uploads\/sites\/12\/2020\/10\/Boton.png 427w, https:\/\/sabadell.salesians.cat\/novaweb\/wp-content\/uploads\/sites\/12\/2020\/10\/Boton-300x67.png 300w\" sizes=\"(max-width: 427px) 100vw, 427px\" \/><\/a><\/p>\n<p>[\/et_pb_tab][et_pb_tab _builder_version=\u00bb4.6.6&#8243; title=\u00bbAcollida &#8211; Ludoteca\u00bb use_background_color_gradient=\u00bboff\u00bb background_color_gradient_start=\u00bb#2b87da\u00bb background_color_gradient_end=\u00bb#29c4a9&#8243; background_color_gradient_type=\u00bblinear\u00bb background_color_gradient_direction=\u00bb180deg\u00bb background_color_gradient_direction_radial=\u00bbcenter\u00bb background_color_gradient_start_position=\u00bb0%\u00bb background_color_gradient_end_position=\u00bb100%\u00bb background_color_gradient_overlays_image=\u00bboff\u00bb parallax=\u00bboff\u00bb parallax_method=\u00bbon\u00bb background_size=\u00bbcover\u00bb background_position=\u00bbcenter\u00bb background_repeat=\u00bbno-repeat\u00bb background_blend=\u00bbnormal\u00bb allow_player_pause=\u00bboff\u00bb background_video_pause_outside_viewport=\u00bbon\u00bb tab_font=\u00bbArial|600|||||||\u00bb tab_font_size=\u00bb18&#8243; tab_font_size_tablet=\u00bb18&#8243; tab_font_size_phone=\u00bb18&#8243; tab_text_shadow_style=\u00bbnone\u00bb body_font=\u00bbArial|500|||||||\u00bb body_font_size=\u00bb16&#8243; body_font_size_tablet=\u00bb16&#8243; body_font_size_phone=\u00bb16&#8243; body_text_shadow_style=\u00bbnone\u00bb tab_text_shadow_horizontal_length=\u00bb0em\u00bb tab_text_shadow_vertical_length=\u00bb0em\u00bb tab_text_shadow_blur_strength=\u00bb0em\u00bb body_text_shadow_horizontal_length=\u00bb0em\u00bb body_text_shadow_vertical_length=\u00bb0em\u00bb body_text_shadow_blur_strength=\u00bb0em\u00bb]<\/p>\n<p>Si voleu domiciliar el servei heu de lliurar a l\u2019AMPA el <a href=\"https:\/\/ampasalesianssabadell.files.wordpress.com\/2010\/02\/full_acollida_modificat-1510081.pdf\">document que trobareu per tal efecte<\/a><br \/>\nUs recordem els horaris i preus dels serveis:<\/p>\n<ul>\n<li><strong>Acollida matinal<\/strong>: 7:45h a 8:45h . Tot l\u2019alumnat que entra a l\u2019escola en aquesta franja hor\u00e0ria matinal es considera usuari del servei i per tant haur\u00e0 d\u2019abonar l\u2019import del servei corresponent.<\/li>\n<li><strong>Ludoteca<\/strong>: 17:00h a 18:45h.<\/li>\n<\/ul>\n<p>Preu diari:<br \/>\n2\u20ac (socis AMPA)<br \/>\n3\u20ac (no socis)<br \/>\nAbonament mensual: 20\u20ac (socis AMPA), 40\u20ac (no socis)<br \/>\nPreu 2n germ\u00e0: 14\u20ac (socis AMPA), 28\u20ac (no socis)<\/p>\n<p><img loading=\"lazy\" decoding=\"async\" class=\"wp-image-4525 aligncenter\" src=\"https:\/\/sabadell.salesians.cat\/novaweb\/wp-content\/uploads\/sites\/12\/2018\/01\/ludoteca-2.jpg\" alt=\"\" width=\"611\" height=\"458\"><\/p>\n<p>[\/et_pb_tab][et_pb_tab _builder_version=\u00bb4.6.6&#8243; title=\u00bbLloguer d&#8217;Espais\u00bb use_background_color_gradient=\u00bboff\u00bb background_color_gradient_start=\u00bb#2b87da\u00bb background_color_gradient_end=\u00bb#29c4a9&#8243; background_color_gradient_type=\u00bblinear\u00bb background_color_gradient_direction=\u00bb180deg\u00bb background_color_gradient_direction_radial=\u00bbcenter\u00bb background_color_gradient_start_position=\u00bb0%\u00bb background_color_gradient_end_position=\u00bb100%\u00bb background_color_gradient_overlays_image=\u00bboff\u00bb parallax=\u00bboff\u00bb parallax_method=\u00bbon\u00bb background_size=\u00bbcover\u00bb background_position=\u00bbcenter\u00bb background_repeat=\u00bbno-repeat\u00bb background_blend=\u00bbnormal\u00bb allow_player_pause=\u00bboff\u00bb background_video_pause_outside_viewport=\u00bbon\u00bb tab_font=\u00bbArial|600|||||||\u00bb tab_font_size=\u00bb18&#8243; tab_font_size_tablet=\u00bb18&#8243; tab_font_size_phone=\u00bb18&#8243; tab_text_shadow_style=\u00bbnone\u00bb body_font=\u00bbArial||||||||\u00bb body_font_size=\u00bb16&#8243; body_font_size_tablet=\u00bb16&#8243; body_font_size_phone=\u00bb16&#8243; body_text_shadow_style=\u00bbnone\u00bb tab_text_shadow_horizontal_length=\u00bb0em\u00bb tab_text_shadow_vertical_length=\u00bb0em\u00bb tab_text_shadow_blur_strength=\u00bb0em\u00bb body_text_shadow_horizontal_length=\u00bb0em\u00bb body_text_shadow_vertical_length=\u00bb0em\u00bb body_text_shadow_blur_strength=\u00bb0em\u00bb link_option_url_new_window=\u00bboff\u00bb hover_transition_duration=\u00bb300ms\u00bb hover_transition_delay=\u00bb0ms\u00bb hover_transition_speed_curve=\u00bbease\u00bb]<\/p>\n<p>L\u2019Escola Salesians Sabadell ofereix la possibilitat de gaudir de les seves instal\u00b7lacions per a altres usos. Teniu l\u2019opci\u00f3 de&nbsp;llogar el teatre, aules per a fer classes o reunions i els patis.<\/p>\n<p><b>Consulteu disponibilitat i condicions a:<\/b><\/p>\n<p>Victoria Cort\u00e9s (Telf. 93 725 77 99 o victoria.cortes@salesians.cat)<\/p>\n<h1><img loading=\"lazy\" decoding=\"async\" class=\"alignnone size-large wp-image-6471\" src=\"https:\/\/sabadell.salesians.cat\/novaweb\/wp-content\/uploads\/sites\/12\/2018\/11\/Imagen14-1024x304.png\" alt=\"\" width=\"1024\" height=\"304\" srcset=\"https:\/\/sabadell.salesians.cat\/novaweb\/wp-content\/uploads\/sites\/12\/2018\/11\/Imagen14-1024x304.png 1024w, https:\/\/sabadell.salesians.cat\/novaweb\/wp-content\/uploads\/sites\/12\/2018\/11\/Imagen14-300x89.png 300w, https:\/\/sabadell.salesians.cat\/novaweb\/wp-content\/uploads\/sites\/12\/2018\/11\/Imagen14-768x228.png 768w, https:\/\/sabadell.salesians.cat\/novaweb\/wp-content\/uploads\/sites\/12\/2018\/11\/Imagen14-1080x321.png 1080w, https:\/\/sabadell.salesians.cat\/novaweb\/wp-content\/uploads\/sites\/12\/2018\/11\/Imagen14.png 1386w\" sizes=\"(max-width: 1024px) 100vw, 1024px\" \/><\/h1>\n<p>El teatre ofereix la possibilitat a empreses i professionals de gaudir del seu espai per tot tipus d\u2019actes: espectacles, confer\u00e8ncies o xerrades, actes acad\u00e8mics\u2026<\/p>\n<p>El teatre es troba a la planta baixa de l\u2019escola i t\u00e9 entrada directa des del Pg. de Sant Oleguer n\u00famero 1.<\/p>\n<p>L\u2019aforament \u00e9s de 368 butaques.&nbsp;<\/p>\n<p><img loading=\"lazy\" decoding=\"async\" class=\"alignnone size-large wp-image-6469\" src=\"https:\/\/sabadell.salesians.cat\/novaweb\/wp-content\/uploads\/sites\/12\/2018\/11\/Imagen12-1024x174.png\" alt=\"\" width=\"1024\" height=\"174\" srcset=\"https:\/\/sabadell.salesians.cat\/novaweb\/wp-content\/uploads\/sites\/12\/2018\/11\/Imagen12-1024x174.png 1024w, https:\/\/sabadell.salesians.cat\/novaweb\/wp-content\/uploads\/sites\/12\/2018\/11\/Imagen12-300x51.png 300w, https:\/\/sabadell.salesians.cat\/novaweb\/wp-content\/uploads\/sites\/12\/2018\/11\/Imagen12-768x130.png 768w, https:\/\/sabadell.salesians.cat\/novaweb\/wp-content\/uploads\/sites\/12\/2018\/11\/Imagen12-1080x183.png 1080w, https:\/\/sabadell.salesians.cat\/novaweb\/wp-content\/uploads\/sites\/12\/2018\/11\/Imagen12.png 1449w\" sizes=\"(max-width: 1024px) 100vw, 1024px\" \/><\/p>\n<p>Entitats que han confiat en les nostres instal\u00b7lacions: <img loading=\"lazy\" decoding=\"async\" class=\"alignnone size-large wp-image-6470\" src=\"https:\/\/sabadell.salesians.cat\/novaweb\/wp-content\/uploads\/sites\/12\/2018\/11\/Imagen13-1024x309.png\" alt=\"\" width=\"1024\" height=\"309\" srcset=\"https:\/\/sabadell.salesians.cat\/novaweb\/wp-content\/uploads\/sites\/12\/2018\/11\/Imagen13-1024x309.png 1024w, https:\/\/sabadell.salesians.cat\/novaweb\/wp-content\/uploads\/sites\/12\/2018\/11\/Imagen13-300x90.png 300w, https:\/\/sabadell.salesians.cat\/novaweb\/wp-content\/uploads\/sites\/12\/2018\/11\/Imagen13-768x232.png 768w, https:\/\/sabadell.salesians.cat\/novaweb\/wp-content\/uploads\/sites\/12\/2018\/11\/Imagen13-1080x326.png 1080w, https:\/\/sabadell.salesians.cat\/novaweb\/wp-content\/uploads\/sites\/12\/2018\/11\/Imagen13.png 1525w\" sizes=\"(max-width: 1024px) 100vw, 1024px\" \/><\/p>\n<p><img loading=\"lazy\" decoding=\"async\" class=\"alignnone size-large wp-image-6472\" src=\"https:\/\/sabadell.salesians.cat\/novaweb\/wp-content\/uploads\/sites\/12\/2018\/11\/Imagen15-1024x283.png\" alt=\"\" width=\"1024\" height=\"283\" srcset=\"https:\/\/sabadell.salesians.cat\/novaweb\/wp-content\/uploads\/sites\/12\/2018\/11\/Imagen15-1024x283.png 1024w, https:\/\/sabadell.salesians.cat\/novaweb\/wp-content\/uploads\/sites\/12\/2018\/11\/Imagen15-300x83.png 300w, https:\/\/sabadell.salesians.cat\/novaweb\/wp-content\/uploads\/sites\/12\/2018\/11\/Imagen15-768x212.png 768w, https:\/\/sabadell.salesians.cat\/novaweb\/wp-content\/uploads\/sites\/12\/2018\/11\/Imagen15-1080x298.png 1080w, https:\/\/sabadell.salesians.cat\/novaweb\/wp-content\/uploads\/sites\/12\/2018\/11\/Imagen15.png 1373w\" sizes=\"(max-width: 1024px) 100vw, 1024px\" \/><\/p>\n<p>La Sala Polivalent permet a empreses i professionals&nbsp; la realitzaci\u00f3 de xerrades, formaci\u00f3, tallers i reunions, amb mobilitat de cadires i taules per poder tenir diferents formats d\u2019organitzaci\u00f3 segons les din\u00e0miques que es vulguin aplicar durant aquests actes.<\/p>\n<p>La Sala Polivalent es troba a la primera planta de l\u2019escola i t\u00e9 entrada directa des de l\u2019avinguda Don Bosco o Pg. Gaud\u00ed,2. Disposa de projector, pantalla, pissarra blanca i equip de so. T\u00e9 connexi\u00f3 wifi i acc\u00e9s a lavabos.<\/p>\n<p>L\u2019aforament \u00e9s de 90&nbsp; persones aproximadament.<\/p>\n<p><img loading=\"lazy\" decoding=\"async\" class=\"alignnone size-large wp-image-6473\" src=\"https:\/\/sabadell.salesians.cat\/novaweb\/wp-content\/uploads\/sites\/12\/2018\/11\/Imagen16-1024x301.png\" alt=\"\" width=\"1024\" height=\"301\" srcset=\"https:\/\/sabadell.salesians.cat\/novaweb\/wp-content\/uploads\/sites\/12\/2018\/11\/Imagen16-1024x301.png 1024w, https:\/\/sabadell.salesians.cat\/novaweb\/wp-content\/uploads\/sites\/12\/2018\/11\/Imagen16-300x88.png 300w, https:\/\/sabadell.salesians.cat\/novaweb\/wp-content\/uploads\/sites\/12\/2018\/11\/Imagen16-768x226.png 768w, https:\/\/sabadell.salesians.cat\/novaweb\/wp-content\/uploads\/sites\/12\/2018\/11\/Imagen16-1080x317.png 1080w, https:\/\/sabadell.salesians.cat\/novaweb\/wp-content\/uploads\/sites\/12\/2018\/11\/Imagen16.png 1375w\" sizes=\"(max-width: 1024px) 100vw, 1024px\" \/><\/p>\n<p>El Menjador \u00e9s un espai ampli i assolellat que permet a empreses&nbsp; la realitzaci\u00f3 de c\u00f3ctels o dinars&nbsp; amb cat\u00e8rings i tamb\u00e9 a fam\u00edlies o particulars la realitzaci\u00f3 de celebracions per grups amplis de convidats.<\/p>\n<p>El menjador es troba al primer pis de l\u2019escola amb entrada independent per escala exterior i pati annexat al mateix nivell. Disposa de barra de servei, projector,&nbsp; port\u00e0til, connexi\u00f3 wifi i micr\u00f2fon. Es pot accedir a altres espais de treball.<\/p>\n<p>L\u2019aforament \u00e9s de 120 persones.<\/p>\n<p><img loading=\"lazy\" decoding=\"async\" class=\"alignnone size-large wp-image-6474\" src=\"https:\/\/sabadell.salesians.cat\/novaweb\/wp-content\/uploads\/sites\/12\/2018\/11\/Imagen17-1024x307.png\" alt=\"\" width=\"1024\" height=\"307\" srcset=\"https:\/\/sabadell.salesians.cat\/novaweb\/wp-content\/uploads\/sites\/12\/2018\/11\/Imagen17-1024x307.png 1024w, https:\/\/sabadell.salesians.cat\/novaweb\/wp-content\/uploads\/sites\/12\/2018\/11\/Imagen17-300x90.png 300w, https:\/\/sabadell.salesians.cat\/novaweb\/wp-content\/uploads\/sites\/12\/2018\/11\/Imagen17-768x231.png 768w, https:\/\/sabadell.salesians.cat\/novaweb\/wp-content\/uploads\/sites\/12\/2018\/11\/Imagen17-1080x324.png 1080w, https:\/\/sabadell.salesians.cat\/novaweb\/wp-content\/uploads\/sites\/12\/2018\/11\/Imagen17.png 1376w\" sizes=\"(max-width: 1024px) 100vw, 1024px\" \/><\/p>\n<p>L\u2019escola disposa de diferents patis que poden ser llogats per diferents entitats, clubs o associacions per a la pr\u00e0ctica de: futbol, b\u00e0squet, mini-b\u00e0squet i voleibol. Hi ha dos patis descoberts i un de cobert. Tamb\u00e9 es poden llogar els&nbsp;vestuaris.<\/p>\n<p>Entitats que lloguen els patis: Old school basquet&nbsp;, Lliga Social<\/p>\n<p>[\/et_pb_tab][\/et_pb_tabs][\/et_pb_column][\/et_pb_row][\/et_pb_section]<\/p>\n","protected":false},"excerpt":{"rendered":"<p>El SAPP, Servei d\u2019Assessorament Psicopedag\u00f2gic de la nostra escola Salesiana est\u00e0 format per la&nbsp;Mireia Camprub\u00ed, responsable del Servei i coordinadora de l\u2019Etapa d\u2019Infantil i del Cicle Inicial i Mitj\u00e0 de Prim\u00e0ria, i per la&nbsp;&nbsp;Gl\u00f2ria Lok\u00e1, responsable i coordinadora del Cicle Superior de Prim\u00e0ria i de la ESO&nbsp;(Educaci\u00f3 Secund\u00e0ria Obligat\u00f2ria). Aquest servei t\u00e9 com a objectiu [&hellip;]<\/p>\n","protected":false},"author":2,"featured_media":0,"parent":0,"menu_order":0,"comment_status":"closed","ping_status":"closed","template":"","meta":{"_et_pb_use_builder":"on","_et_pb_old_content":"","_et_gb_content_width":"","_joinchat":[],"footnotes":""},"class_list":["post-4911","page","type-page","status-publish","hentry"],"yoast_head":"<!-- This site is optimized with the Yoast SEO plugin v28.3 - https:\/\/yoast.com\/product\/yoast-seo-wordpress\/ -->\n<title>Serveis - Nova WEB<\/title>\n<meta name=\"robots\" content=\"index, follow, max-snippet:-1, max-image-preview:large, max-video-preview:-1\" \/>\n<link rel=\"canonical\" href=\"https:\/\/sabadell.salesians.cat\/novaweb\/serveis\/\" \/>\n<meta property=\"og:locale\" content=\"es_ES\" \/>\n<meta property=\"og:type\" content=\"article\" \/>\n<meta property=\"og:title\" content=\"Serveis - Nova WEB\" \/>\n<meta property=\"og:description\" content=\"\u00bfQu\u00e9 es Lorem Ipsum? Lorem Ipsum es simplemente el texto de relleno de las imprentas y archivos de texto. Lorem Ipsum ha sido el texto de relleno est\u00e1ndar de las industrias desde el a\u00f1o 1500, cuando un impresor (N. del T. persona que se dedica a la imprenta) desconocido us\u00f3 una galer\u00eda de textos y [&hellip;]\" \/>\n<meta property=\"og:url\" content=\"https:\/\/sabadell.salesians.cat\/novaweb\/serveis\/\" \/>\n<meta property=\"og:site_name\" content=\"Nova WEB\" \/>\n<meta property=\"article:modified_time\" content=\"2020-10-30T12:50:55+00:00\" \/>\n<meta property=\"og:image\" content=\"https:\/\/sabadell.salesians.cat\/novaweb\/wp-content\/uploads\/sites\/12\/2018\/02\/solohijos.png\" \/>\n<meta name=\"twitter:card\" content=\"summary_large_image\" \/>\n<meta name=\"twitter:label1\" content=\"Tiempo de lectura\" \/>\n\t<meta name=\"twitter:data1\" content=\"15 minutos\" \/>\n<script type=\"application\/ld+json\" class=\"yoast-schema-graph\">{\"@context\":\"https:\\\/\\\/schema.org\",\"@graph\":[{\"@type\":\"WebPage\",\"@id\":\"https:\\\/\\\/sabadell.salesians.cat\\\/novaweb\\\/serveis\\\/\",\"url\":\"https:\\\/\\\/sabadell.salesians.cat\\\/novaweb\\\/serveis\\\/\",\"name\":\"Serveis - Nova WEB\",\"isPartOf\":{\"@id\":\"https:\\\/\\\/sabadell.salesians.cat\\\/novaweb\\\/#website\"},\"primaryImageOfPage\":{\"@id\":\"https:\\\/\\\/sabadell.salesians.cat\\\/novaweb\\\/serveis\\\/#primaryimage\"},\"image\":{\"@id\":\"https:\\\/\\\/sabadell.salesians.cat\\\/novaweb\\\/serveis\\\/#primaryimage\"},\"thumbnailUrl\":\"https:\\\/\\\/sabadell.salesians.cat\\\/novaweb\\\/wp-content\\\/uploads\\\/sites\\\/12\\\/2018\\\/02\\\/solohijos.png\",\"datePublished\":\"2018-03-06T11:51:25+00:00\",\"dateModified\":\"2020-10-30T12:50:55+00:00\",\"breadcrumb\":{\"@id\":\"https:\\\/\\\/sabadell.salesians.cat\\\/novaweb\\\/serveis\\\/#breadcrumb\"},\"inLanguage\":\"es\",\"potentialAction\":[{\"@type\":\"ReadAction\",\"target\":[\"https:\\\/\\\/sabadell.salesians.cat\\\/novaweb\\\/serveis\\\/\"]}]},{\"@type\":\"ImageObject\",\"inLanguage\":\"es\",\"@id\":\"https:\\\/\\\/sabadell.salesians.cat\\\/novaweb\\\/serveis\\\/#primaryimage\",\"url\":\"https:\\\/\\\/sabadell.salesians.cat\\\/novaweb\\\/wp-content\\\/uploads\\\/sites\\\/12\\\/2018\\\/02\\\/solohijos.png\",\"contentUrl\":\"https:\\\/\\\/sabadell.salesians.cat\\\/novaweb\\\/wp-content\\\/uploads\\\/sites\\\/12\\\/2018\\\/02\\\/solohijos.png\",\"width\":217,\"height\":75},{\"@type\":\"BreadcrumbList\",\"@id\":\"https:\\\/\\\/sabadell.salesians.cat\\\/novaweb\\\/serveis\\\/#breadcrumb\",\"itemListElement\":[{\"@type\":\"ListItem\",\"position\":1,\"name\":\"Portada\",\"item\":\"https:\\\/\\\/sabadell.salesians.cat\\\/novaweb\\\/\"},{\"@type\":\"ListItem\",\"position\":2,\"name\":\"Serveis\"}]},{\"@type\":\"WebSite\",\"@id\":\"https:\\\/\\\/sabadell.salesians.cat\\\/novaweb\\\/#website\",\"url\":\"https:\\\/\\\/sabadell.salesians.cat\\\/novaweb\\\/\",\"name\":\"Nova WEB\",\"description\":\"Pagina oficial de Salesians Sabadell\",\"potentialAction\":[{\"@type\":\"SearchAction\",\"target\":{\"@type\":\"EntryPoint\",\"urlTemplate\":\"https:\\\/\\\/sabadell.salesians.cat\\\/novaweb\\\/?s={search_term_string}\"},\"query-input\":{\"@type\":\"PropertyValueSpecification\",\"valueRequired\":true,\"valueName\":\"search_term_string\"}}],\"inLanguage\":\"es\"}]}<\/script>\n<!-- \/ Yoast SEO plugin. -->","yoast_head_json":{"title":"Serveis - Nova WEB","robots":{"index":"index","follow":"follow","max-snippet":"max-snippet:-1","max-image-preview":"max-image-preview:large","max-video-preview":"max-video-preview:-1"},"canonical":"https:\/\/sabadell.salesians.cat\/novaweb\/serveis\/","og_locale":"es_ES","og_type":"article","og_title":"Serveis - Nova WEB","og_description":"\u00bfQu\u00e9 es Lorem Ipsum? Lorem Ipsum es simplemente el texto de relleno de las imprentas y archivos de texto. Lorem Ipsum ha sido el texto de relleno est\u00e1ndar de las industrias desde el a\u00f1o 1500, cuando un impresor (N. del T. persona que se dedica a la imprenta) desconocido us\u00f3 una galer\u00eda de textos y [&hellip;]","og_url":"https:\/\/sabadell.salesians.cat\/novaweb\/serveis\/","og_site_name":"Nova WEB","article_modified_time":"2020-10-30T12:50:55+00:00","og_image":[{"url":"https:\/\/sabadell.salesians.cat\/novaweb\/wp-content\/uploads\/sites\/12\/2018\/02\/solohijos.png","type":"","width":"","height":""}],"twitter_card":"summary_large_image","twitter_misc":{"Tiempo de lectura":"15 minutos"},"schema":{"@context":"https:\/\/schema.org","@graph":[{"@type":"WebPage","@id":"https:\/\/sabadell.salesians.cat\/novaweb\/serveis\/","url":"https:\/\/sabadell.salesians.cat\/novaweb\/serveis\/","name":"Serveis - Nova WEB","isPartOf":{"@id":"https:\/\/sabadell.salesians.cat\/novaweb\/#website"},"primaryImageOfPage":{"@id":"https:\/\/sabadell.salesians.cat\/novaweb\/serveis\/#primaryimage"},"image":{"@id":"https:\/\/sabadell.salesians.cat\/novaweb\/serveis\/#primaryimage"},"thumbnailUrl":"https:\/\/sabadell.salesians.cat\/novaweb\/wp-content\/uploads\/sites\/12\/2018\/02\/solohijos.png","datePublished":"2018-03-06T11:51:25+00:00","dateModified":"2020-10-30T12:50:55+00:00","breadcrumb":{"@id":"https:\/\/sabadell.salesians.cat\/novaweb\/serveis\/#breadcrumb"},"inLanguage":"es","potentialAction":[{"@type":"ReadAction","target":["https:\/\/sabadell.salesians.cat\/novaweb\/serveis\/"]}]},{"@type":"ImageObject","inLanguage":"es","@id":"https:\/\/sabadell.salesians.cat\/novaweb\/serveis\/#primaryimage","url":"https:\/\/sabadell.salesians.cat\/novaweb\/wp-content\/uploads\/sites\/12\/2018\/02\/solohijos.png","contentUrl":"https:\/\/sabadell.salesians.cat\/novaweb\/wp-content\/uploads\/sites\/12\/2018\/02\/solohijos.png","width":217,"height":75},{"@type":"BreadcrumbList","@id":"https:\/\/sabadell.salesians.cat\/novaweb\/serveis\/#breadcrumb","itemListElement":[{"@type":"ListItem","position":1,"name":"Portada","item":"https:\/\/sabadell.salesians.cat\/novaweb\/"},{"@type":"ListItem","position":2,"name":"Serveis"}]},{"@type":"WebSite","@id":"https:\/\/sabadell.salesians.cat\/novaweb\/#website","url":"https:\/\/sabadell.salesians.cat\/novaweb\/","name":"Nova WEB","description":"Pagina oficial de Salesians Sabadell","potentialAction":[{"@type":"SearchAction","target":{"@type":"EntryPoint","urlTemplate":"https:\/\/sabadell.salesians.cat\/novaweb\/?s={search_term_string}"},"query-input":{"@type":"PropertyValueSpecification","valueRequired":true,"valueName":"search_term_string"}}],"inLanguage":"es"}]}},"_links":{"self":[{"href":"https:\/\/sabadell.salesians.cat\/novaweb\/wp-json\/wp\/v2\/pages\/4911","targetHints":{"allow":["GET"]}}],"collection":[{"href":"https:\/\/sabadell.salesians.cat\/novaweb\/wp-json\/wp\/v2\/pages"}],"about":[{"href":"https:\/\/sabadell.salesians.cat\/novaweb\/wp-json\/wp\/v2\/types\/page"}],"author":[{"embeddable":true,"href":"https:\/\/sabadell.salesians.cat\/novaweb\/wp-json\/wp\/v2\/users\/2"}],"replies":[{"embeddable":true,"href":"https:\/\/sabadell.salesians.cat\/novaweb\/wp-json\/wp\/v2\/comments?post=4911"}],"version-history":[{"count":56,"href":"https:\/\/sabadell.salesians.cat\/novaweb\/wp-json\/wp\/v2\/pages\/4911\/revisions"}],"predecessor-version":[{"id":9127,"href":"https:\/\/sabadell.salesians.cat\/novaweb\/wp-json\/wp\/v2\/pages\/4911\/revisions\/9127"}],"wp:attachment":[{"href":"https:\/\/sabadell.salesians.cat\/novaweb\/wp-json\/wp\/v2\/media?parent=4911"}],"curies":[{"name":"wp","href":"https:\/\/api.w.org\/{rel}","templated":true}]}}